{"id":47,"date":"2014-02-01T17:06:30","date_gmt":"2014-02-01T15:06:30","guid":{"rendered":"http:\/\/3718.t3nz4.ntz.de\/?page_id=47"},"modified":"2026-01-08T14:40:37","modified_gmt":"2026-01-08T12:40:37","slug":"aktivitaeten","status":"publish","type":"page","link":"https:\/\/www.musikschule-clauss.de\/?page_id=47","title":{"rendered":"Aktivit\u00e4ten"},"content":{"rendered":"<p><!--themify_builder_static--><\/p>\n<p>Es gibt sicher gen\u00fcgend Aktivit\u00e4ten, aber die strengen Datenschutzgesetze machen es schwer sch\u00f6ne Bilder zu posten. Deshalb kommen keine kompletten Berichte mit Bilder mehr.<\/p>\n<p>Hier findest Du alle m\u00f6glichen musikalischen Aktivit\u00e4ten von Gerd Clauss. Von fetzigen Orgeleins\u00e4tzen, bei Hochzeiten etc., bis hin zu vielf\u00e4ltigen Chor- und Orchesterauftritten und Auftritten als Solist, Chorleiter, Dirigent, K\u00fcnstlerbegleiter oder in einer Band.<\/p>\n<p><strong>Zum \u00d6ffnen klickst Du auf den Balken unter den Jahreszahlen<\/strong><\/p>\n<p><img loading=\"lazy\" decoding=\"async\" src=\"https:\/\/www.musikschule-clauss.de\/wp-content\/uploads\/2026\/01\/Gerd-Orgel-768x1024-285x373.jpg\" width=\"285\" height=\"373\" title=\"An der gro\u00dfen Orgel\" alt=\"An der gro\u00dfen Orgel\"> <\/p>\n<h3> An der gro\u00dfen Orgel <\/h3>\n<h3>Aktuelles (bitte anklicken)<\/h3>\n<ul>\n<li>\n<p>01.01.2026 Neujahres-Gottesdienst in Aich (Orgel)<\/p>\n<p>31.12.2025 Gerd Clauss gestaltete an der Orgel in Neuenhaus und Gr\u00f6tzingen Silvester-Gottesdienste<\/p>\n<p>26.12.2025 Aichtal Sing-Gottesdienst in Neuenhaus (Orgel)<\/p>\n<p>25.12.2025 Weihnachtskonzert in der Laurentiuskirche (Stadtkapelle N\u00fcrtingen)<\/p>\n<p>14.12.2025 Konzert mit Sinfonieorchester in der Stadtkirche Esslingen mit Oratorienverein (Tuba)<\/p>\n<p>1.+2.11.2025 Konzerte mit dem Jugendsinfonie-Orchester N\u00fcrtingen (Tuba)<\/p>\n<p>19.10.2025 Diamantene Konfirmation in Aich (Orgel)<\/p>\n<p>18.10.2025 Hochzeit in Neckartailfingen (Orgel)<\/p>\n<p>04.10.2025 Hochzeit in Gr\u00f6tzingen (Orgel und Begleitung vom Chor &#8222;Sound of Heaven&#8220; am E-Piano)<\/p>\n<p>14.09.2025 Gottesdienst in Aich zum Thema &#8222;Herbert Gr\u00f6nemeyer&#8220; (Orgel)<\/p>\n<p>13.09.2025 Hochzeit Aich von ehemaligem Sch\u00fcler (Orgel und Keyboard in der Band)\u00a0<\/p>\n<p>17.08.2025 Gottesdienst in Aich zum Thema &#8222;K\u00f6nig der L\u00f6wen&#8220; (Orgel)<\/p>\n<p>27.07.2025 Konzert mit dem Sinfonieorchester des H\u00f6lderlin-Gymnasiums N\u00fcrtingen (Tuba)<\/p>\n<p>10.+11.05.2025 Abendmahl und Konfirmation in Neckartailfingen (Orgel + Schlagzeug)<\/p>\n<p>30.03.2025 Fr\u00fchjahrskonzert (Stadtkapelle Metzingen)<\/p>\n<\/li>\n<\/ul>\n<p>01.01.2026 Neujahres-Gottesdienst in Aich (Orgel)<\/p>\n<p>31.12.2025 Gerd Clauss gestaltete an der Orgel in Neuenhaus und Gr\u00f6tzingen Silvester-Gottesdienste<\/p>\n<p>26.12.2025 Aichtal Sing-Gottesdienst in Neuenhaus (Orgel)<\/p>\n<p>25.12.2025 Weihnachtskonzert in der Laurentiuskirche (Stadtkapelle N\u00fcrtingen)<\/p>\n<p>14.12.2025 Konzert mit Sinfonieorchester in der Stadtkirche Esslingen mit Oratorienverein (Tuba)<\/p>\n<p>1.+2.11.2025 Konzerte mit dem Jugendsinfonie-Orchester N\u00fcrtingen (Tuba)<\/p>\n<p>19.10.2025 Diamantene Konfirmation in Aich (Orgel)<\/p>\n<p>18.10.2025 Hochzeit in Neckartailfingen (Orgel)<\/p>\n<p>04.10.2025 Hochzeit in Gr\u00f6tzingen (Orgel und Begleitung vom Chor &#8222;Sound of Heaven&#8220; am E-Piano)<\/p>\n<p>14.09.2025 Gottesdienst in Aich zum Thema &#8222;Herbert Gr\u00f6nemeyer&#8220; (Orgel)<\/p>\n<p>13.09.2025 Hochzeit Aich von ehemaligem Sch\u00fcler (Orgel und Keyboard in der Band)\u00a0<\/p>\n<p>17.08.2025 Gottesdienst in Aich zum Thema &#8222;K\u00f6nig der L\u00f6wen&#8220; (Orgel)<\/p>\n<p>27.07.2025 Konzert mit dem Sinfonieorchester des H\u00f6lderlin-Gymnasiums N\u00fcrtingen (Tuba)<\/p>\n<p>10.+11.05.2025 Abendmahl und Konfirmation in Neckartailfingen (Orgel + Schlagzeug)<\/p>\n<p>30.03.2025 Fr\u00fchjahrskonzert (Stadtkapelle Metzingen)<\/p>\n<h3>2019 -2024<\/h3>\n<ul>\n<li>\n<p>&#8230;Infos folgen noch<\/p>\n<\/li>\n<\/ul>\n<p>&#8230;Infos folgen noch<\/p>\n<h3>2018 (bitte anklicken)<\/h3>\n<ul>\n<li>\n<p>12.10.2018 <strong>men at voice, LaVida und die Waldie-Bigband<\/strong> gestalten ein kurzweiliges Benefizkonzert in der Martinskirche zum 10-j\u00e4hrigen Jubil\u00e4um von Gerd Clauss beim S\u00e4ngerbund Neckartailfingen und zum 25-j\u00e4hrigen Dirigenten Jubil\u00e4um.<\/p>\n<p>22.04.+29.04.2018<strong> men at voice und der Projektchor <\/strong> &#8211; Unter Leitung von Gerd Clauss (Dirigat und Orgel) gestaltet der Konfi-Projektchor beide Konfirmationen in der Martinskirche in Neckartailfingen.<\/p>\n<p>15.04.2018 <strong>men at voice <\/strong> wirken beim Konzert vom Musikverein Neckartailfingen mit. Die Halle tobt vor Begeisterung. Der H\u00f6hepunkt war der gemeinsame Auftritt beider Formationen mit einem Arrangement von Gerd Clauss.<\/p>\n<p>10.02.2018 <strong>men at voice und Young Generation<\/strong> rocken die Halle bei der Fasnet 2018<\/p>\n<\/li>\n<\/ul>\n<p>12.10.2018 <strong>men at voice, LaVida und die Waldie-Bigband<\/strong> gestalten ein kurzweiliges Benefizkonzert in der Martinskirche zum 10-j\u00e4hrigen Jubil\u00e4um von Gerd Clauss beim S\u00e4ngerbund Neckartailfingen und zum 25-j\u00e4hrigen Dirigenten Jubil\u00e4um.<\/p>\n<p>22.04.+29.04.2018<strong> men at voice und der Projektchor <\/strong> &#8211; Unter Leitung von Gerd Clauss (Dirigat und Orgel) gestaltet der Konfi-Projektchor beide Konfirmationen in der Martinskirche in Neckartailfingen.<\/p>\n<p>15.04.2018 <strong>men at voice <\/strong> wirken beim Konzert vom Musikverein Neckartailfingen mit. Die Halle tobt vor Begeisterung. Der H\u00f6hepunkt war der gemeinsame Auftritt beider Formationen mit einem Arrangement von Gerd Clauss.<\/p>\n<p>10.02.2018 <strong>men at voice und Young Generation<\/strong> rocken die Halle bei der Fasnet 2018<\/p>\n<p><img loading=\"lazy\" decoding=\"async\" src=\"https:\/\/www.musikschule-clauss.de\/wp-content\/uploads\/2018\/05\/Dolfenger-Fasnet-2018-1024x447-1600x699.jpg\" width=\"1600\" height=\"699\" title=\"Dolfenger Fasnet 2018\" alt=\"Dolfenger Fasnet 2018\" srcset=\"https:\/\/www.musikschule-clauss.de\/wp-content\/uploads\/2018\/05\/Dolfenger-Fasnet-2018.jpg 1600w, https:\/\/www.musikschule-clauss.de\/wp-content\/uploads\/2018\/05\/Dolfenger-Fasnet-2018-300x131.jpg 300w, https:\/\/www.musikschule-clauss.de\/wp-content\/uploads\/2018\/05\/Dolfenger-Fasnet-2018-768x336.jpg 768w, https:\/\/www.musikschule-clauss.de\/wp-content\/uploads\/2018\/05\/Dolfenger-Fasnet-2018-1024x447.jpg 1024w\" sizes=\"auto, (max-width: 1600px) 100vw, 1600px\" \/><\/p>\n<h3>2017 (bitte anklicken)<\/h3>\n<ul>\n<li>\n<p>10.12.2017 <strong>men at voice und Young Generation<\/strong> gestalten musikalisch einen Auftritt beim Adventssingen auf dem Rathausplatz.<\/p>\n<p>31.10.2017<strong> men at voice, Jugendchor Young Generation und LaVida<\/strong> &#8211; Unter Leitung von Gerd Clauss (Dirigat und Orgel) umrahmte dieser Projektchor den Reformationsgottesdienst in der Martinskirche in Neckartailfingen mit wunderbaren Gospels.<\/p>\n<p>08.10.2017 <strong>Gerd Clauss<\/strong> gestaltet seinen ersten Gottesdienst an der Weigle Orgel in der Martinskirche in Neckartailfingen.<\/p>\n<p>25.11.2017 <strong>men at voice und Young Generation<\/strong> heizen bei der Jahresfeier des TSV in der Halle gewaltig ein. Ein Highlight ist die &#8222;TSV-Hymne.&#8220;<\/p>\n<p>09.09.2017 <strong>men at voice und Young Generation<\/strong> umrahmen die Hochzeit von Sina Dorner in der Martinskirche.<\/p>\n<p>25.02.2017 <strong>men at voice und Young Generation<\/strong> wirken bei der Fasnet in Neckartailfingen mit.<\/p>\n<\/li>\n<\/ul>\n<p>10.12.2017 <strong>men at voice und Young Generation<\/strong> gestalten musikalisch einen Auftritt beim Adventssingen auf dem Rathausplatz.<\/p>\n<p>31.10.2017<strong> men at voice, Jugendchor Young Generation und LaVida<\/strong> &#8211; Unter Leitung von Gerd Clauss (Dirigat und Orgel) umrahmte dieser Projektchor den Reformationsgottesdienst in der Martinskirche in Neckartailfingen mit wunderbaren Gospels.<\/p>\n<p>08.10.2017 <strong>Gerd Clauss<\/strong> gestaltet seinen ersten Gottesdienst an der Weigle Orgel in der Martinskirche in Neckartailfingen.<\/p>\n<p>25.11.2017 <strong>men at voice und Young Generation<\/strong> heizen bei der Jahresfeier des TSV in der Halle gewaltig ein. Ein Highlight ist die &#8222;TSV-Hymne.&#8220;<\/p>\n<p>09.09.2017 <strong>men at voice und Young Generation<\/strong> umrahmen die Hochzeit von Sina Dorner in der Martinskirche.<\/p>\n<p>25.02.2017 <strong>men at voice und Young Generation<\/strong> wirken bei der Fasnet in Neckartailfingen mit.<\/p>\n<p><img loading=\"lazy\" decoding=\"async\" src=\"https:\/\/www.musikschule-clauss.de\/wp-content\/uploads\/2014\/02\/2013_10_13_-1-1024x643-1600x699.jpg\" width=\"1600\" height=\"699\" title=\"Der Gospel-Projektchor in Neckartailfingen, Ltg. Gerd Clauss\" alt=\"Der Gospel-Projektchor in Neckartailfingen, Ltg. Gerd Clauss\"> <\/p>\n<h3> Der Gospel-Projektchor in Neckartailfingen, Ltg. Gerd Clauss <\/h3>\n<h3>2016 (bitte anklicken)<\/h3>\n<ul>\n<li>\n<p>29.10.2016 <strong>Jugendchor Young Generation<\/strong> beim Konzert von LaVida in der Martinskirche in Neckartailfingen<\/p>\n<p><a href=\"https:\/\/www.musikschule-clauss.de\/?p=515\">22.07.2016 <strong>Unser Blasorchester an der REA Neckartenzlingen<\/strong> gestaltet die Verabschiedung von Schulleiter Herrn Sippel<\/a><\/p>\n<p>23.+30.04.2016 <strong>men at voice und Young Generation<\/strong> wirken beim Musical &#8222;Beidseits des Mondes&#8220; mit gro\u00dfem Erfolg mit.<\/p>\n<\/li>\n<\/ul>\n<p>29.10.2016 <strong>Jugendchor Young Generation<\/strong> beim Konzert von LaVida in der Martinskirche in Neckartailfingen<\/p>\n<p><a href=\"https:\/\/www.musikschule-clauss.de\/?p=515\">22.07.2016 <strong>Unser Blasorchester an der REA Neckartenzlingen<\/strong> gestaltet die Verabschiedung von Schulleiter Herrn Sippel<\/a><\/p>\n<p>23.+30.04.2016 <strong>men at voice und Young Generation<\/strong> wirken beim Musical &#8222;Beidseits des Mondes&#8220; mit gro\u00dfem Erfolg mit.<\/p>\n<p><img loading=\"lazy\" decoding=\"async\" src=\"https:\/\/www.musikschule-clauss.de\/wp-content\/uploads\/2014\/02\/2013_06_21-03-1024x683-1600x699.jpg\" width=\"1600\" height=\"699\" title=\"Mit dem Orchester im Europa-Park bei Euro-Musique.\" alt=\"Mit dem Orchester im Europa-Park bei Euro-Musique.\"> <\/p>\n<h3> Mit dem Orchester im Europa-Park bei Euro-Musique. <\/h3>\n<h3>2015 (bitte anklicken)<\/h3>\n<ul>\n<li>\n<p><a href=\"https:\/\/www.musikschule-clauss.de\/?p=504\">25.07.2015 Unser Blasorchester an der Realschule bei &#8222;50 Jahre REA&#8220;<\/a><\/p>\n<p><a href=\"https:\/\/www.musikschule-clauss.de\/?p=496\">19.05.2015 men at voice beim 10-j\u00e4hrigen Jubil\u00e4umskonzert<\/a><\/p>\n<\/li>\n<\/ul>\n<p><a href=\"https:\/\/www.musikschule-clauss.de\/?p=504\">25.07.2015 Unser Blasorchester an der Realschule bei &#8222;50 Jahre REA&#8220;<\/a><\/p>\n<p><a href=\"https:\/\/www.musikschule-clauss.de\/?p=496\">19.05.2015 men at voice beim 10-j\u00e4hrigen Jubil\u00e4umskonzert<\/a><\/p>\n<p><img loading=\"lazy\" decoding=\"async\" src=\"https:\/\/www.musikschule-clauss.de\/wp-content\/uploads\/2014\/03\/Foto-23.11.13-18-12-51-1024x576-570x300.jpg\" width=\"570\" height=\"300\" title=\"men at voice in Concert\" alt=\"men at voice in Concert\"> <\/p>\n<h3> men at voice in Concert <\/h3>\n<h3>2014 (bitte anklicken)<\/h3>\n<ul>\n<li>\n<p><a href=\"https:\/\/www.musikschule-clauss.de\/?p=466\">04.06.2014 <strong>Unsere Bl\u00e4serklasse<\/strong> bei Euro-Musique 2014 im Europa-Park<\/a><\/p>\n<p><a href=\"https:\/\/www.musikschule-clauss.de\/?p=454\">10.05.2014 <strong>men at voice<\/strong> beim Konzert in Beuren<\/a><\/p>\n<p><a href=\"https:\/\/www.musikschule-clauss.de\/?p=456\">05.04.2014 <strong>men at voice<\/strong> beim Fr\u00fchjahrskonzert vom SBN<\/a><\/p>\n<p><a href=\"https:\/\/www.musikschule-clauss.de\/?p=181\">01.03.2014 <strong>men at voice<\/strong> bei der Fasnet 2014 in Neckartailfingen<\/a><\/p>\n<p><a href=\"https:\/\/www.musikschule-clauss.de\/?p=265\">26.02.2014 <strong>Unse<\/strong><strong>re Bl\u00e4serklasse<\/strong> an der REA beim &#8222;Tag der offenen T\u00fcr&#8220;<\/a><\/p>\n<\/li>\n<\/ul>\n<p><a href=\"https:\/\/www.musikschule-clauss.de\/?p=466\">04.06.2014 <strong>Unsere Bl\u00e4serklasse<\/strong> bei Euro-Musique 2014 im Europa-Park<\/a><\/p>\n<p><a href=\"https:\/\/www.musikschule-clauss.de\/?p=454\">10.05.2014 <strong>men at voice<\/strong> beim Konzert in Beuren<\/a><\/p>\n<p><a href=\"https:\/\/www.musikschule-clauss.de\/?p=456\">05.04.2014 <strong>men at voice<\/strong> beim Fr\u00fchjahrskonzert vom SBN<\/a><\/p>\n<p><a href=\"https:\/\/www.musikschule-clauss.de\/?p=181\">01.03.2014 <strong>men at voice<\/strong> bei der Fasnet 2014 in Neckartailfingen<\/a><\/p>\n<p><a href=\"https:\/\/www.musikschule-clauss.de\/?p=265\">26.02.2014 <strong>Unse<\/strong><strong>re Bl\u00e4serklasse<\/strong> an der REA beim &#8222;Tag der offenen T\u00fcr&#8220;<\/a><\/p>\n<p><img loading=\"lazy\" decoding=\"async\" src=\"https:\/\/www.musikschule-clauss.de\/wp-content\/uploads\/2014\/02\/Abi2013_Oh-happy-Day-1024x575-570x300.jpg\" width=\"570\" height=\"300\" title=\"Chor der Abiturienten 2013 unter Ltg. von Gerd Clauss\" alt=\"Chor der Abiturienten 2013 unter Ltg. von Gerd Clauss\" srcset=\"https:\/\/www.musikschule-clauss.de\/wp-content\/uploads\/2014\/02\/Abi2013_Oh-happy-Day-1024x575-570x300.jpg 570w, https:\/\/www.musikschule-clauss.de\/wp-content\/uploads\/2014\/02\/Abi2013_Oh-happy-Day-1024x575-571x300.jpg 571w\" sizes=\"auto, (max-width: 570px) 100vw, 570px\" \/> <\/p>\n<h3> Chor der Abiturienten 2013 unter Ltg. von Gerd Clauss <\/h3>\n<h3>2013 (bitte anklicken)<\/h3>\n<ul>\n<li>\n<p><a href=\"https:\/\/www.musikschule-clauss.de\/?p=370\">18.12.2013 <strong>Unsere Bl\u00e4serklasse<\/strong> an der REA spielt beim Adventssingen<\/a><\/p>\n<p><a href=\"https:\/\/www.musikschule-clauss.de\/?p=399\">14.12.2013 <strong>men at voice<\/strong> bei der Weihnachtsfeier des SBN<\/a><\/p>\n<p><a href=\"https:\/\/www.musikschule-clauss.de\/?p=372\">08.12.2013 <strong>men at voice und Gospelprojektchor<\/strong> beim Adventssingen<\/a><\/p>\n<p><a href=\"https:\/\/www.musikschule-clauss.de\/?p=421\">23.11.2013 <strong>men at voice<\/strong> beim Konzert in Gr\u00f6tzingen<\/a><\/p>\n<p><a href=\"https:\/\/www.musikschule-clauss.de\/?p=350\">13.10.2013 <strong>men at voice und Gospelprojektchor<\/strong> im Gottesdienst<\/a><\/p>\n<p><a href=\"https:\/\/www.musikschule-clauss.de\/?p=376\">28.09.2103 Workshop bei Ueli Kipfer<\/a><\/p>\n<p><a href=\"https:\/\/www.musikschule-clauss.de\/?p=263\">27.09.2013 <strong>men at voice<\/strong> beim M\u00e4nnerchortag in Neckartenzlingen<\/a><\/p>\n<p><a href=\"https:\/\/www.musikschule-clauss.de\/?p=259\">13.09.2013 <strong>men at voice<\/strong> bei Hochzeit in Pforzheim<\/a><\/p>\n<p><a href=\"https:\/\/www.musikschule-clauss.de\/?p=380\">21.06.2013 <strong>Unsere Bl\u00e4serklasse<\/strong> an der REA bei Euro-Musique 2013 im Europa-Park<\/a><\/p>\n<p><a href=\"https:\/\/www.musikschule-clauss.de\/?p=197\">15.05.2013 Abikonzert am Gymnasium Neckartenzlingen<\/a><\/p>\n<p><a href=\"https:\/\/www.musikschule-clauss.de\/?p=389\">09.-12.05.2013 Deutsches Musikfest in Chemnitz<\/a><\/p>\n<p><a href=\"https:\/\/www.musikschule-clauss.de\/?p=392\">27.02.2013 <strong>Unsere Bl\u00e4serklasse<\/strong> an der REA beim &#8222;Tag der offen T\u00fcr&#8220;<\/a><\/p>\n<\/li>\n<\/ul>\n<p><a href=\"https:\/\/www.musikschule-clauss.de\/?p=370\">18.12.2013 <strong>Unsere Bl\u00e4serklasse<\/strong> an der REA spielt beim Adventssingen<\/a><\/p>\n<p><a href=\"https:\/\/www.musikschule-clauss.de\/?p=399\">14.12.2013 <strong>men at voice<\/strong> bei der Weihnachtsfeier des SBN<\/a><\/p>\n<p><a href=\"https:\/\/www.musikschule-clauss.de\/?p=372\">08.12.2013 <strong>men at voice und Gospelprojektchor<\/strong> beim Adventssingen<\/a><\/p>\n<p><a href=\"https:\/\/www.musikschule-clauss.de\/?p=421\">23.11.2013 <strong>men at voice<\/strong> beim Konzert in Gr\u00f6tzingen<\/a><\/p>\n<p><a href=\"https:\/\/www.musikschule-clauss.de\/?p=350\">13.10.2013 <strong>men at voice und Gospelprojektchor<\/strong> im Gottesdienst<\/a><\/p>\n<p><a href=\"https:\/\/www.musikschule-clauss.de\/?p=376\">28.09.2103 Workshop bei Ueli Kipfer<\/a><\/p>\n<p><a href=\"https:\/\/www.musikschule-clauss.de\/?p=263\">27.09.2013 <strong>men at voice<\/strong> beim M\u00e4nnerchortag in Neckartenzlingen<\/a><\/p>\n<p><a href=\"https:\/\/www.musikschule-clauss.de\/?p=259\">13.09.2013 <strong>men at voice<\/strong> bei Hochzeit in Pforzheim<\/a><\/p>\n<p><a href=\"https:\/\/www.musikschule-clauss.de\/?p=380\">21.06.2013 <strong>Unsere Bl\u00e4serklasse<\/strong> an der REA bei Euro-Musique 2013 im Europa-Park<\/a><\/p>\n<p><a href=\"https:\/\/www.musikschule-clauss.de\/?p=197\">15.05.2013 Abikonzert am Gymnasium Neckartenzlingen<\/a><\/p>\n<p><a href=\"https:\/\/www.musikschule-clauss.de\/?p=389\">09.-12.05.2013 Deutsches Musikfest in Chemnitz<\/a><\/p>\n<p><a href=\"https:\/\/www.musikschule-clauss.de\/?p=392\">27.02.2013 <strong>Unsere Bl\u00e4serklasse<\/strong> an der REA beim &#8222;Tag der offen T\u00fcr&#8220;<\/a><\/p>\n<p><img loading=\"lazy\" decoding=\"async\" src=\"https:\/\/www.musikschule-clauss.de\/wp-content\/uploads\/2014\/02\/Blaeserklasse-15.05.13a-1024x682-571x300.jpg\" width=\"571\" height=\"300\" title=\"Unsere Bl\u00e4serklasse an der REA Neckartenzlingen\" alt=\"Unsere Bl\u00e4serklasse an der REA Neckartenzlingen\" srcset=\"https:\/\/www.musikschule-clauss.de\/wp-content\/uploads\/2014\/02\/Blaeserklasse-15.05.13a-1024x682-571x300.jpg 571w, https:\/\/www.musikschule-clauss.de\/wp-content\/uploads\/2014\/02\/Blaeserklasse-15.05.13a-1024x682-570x300.jpg 570w\" sizes=\"auto, (max-width: 571px) 100vw, 571px\" \/> <\/p>\n<h3> Unsere Bl\u00e4serklasse an der REA Neckartenzlingen <\/h3>\n<h3>2012 (bitte anklicken)<\/h3>\n<ul>\n<li>\n<p>19.12.2012 <strong>Unsere Bl\u00e4serklasse<\/strong> an der REA beim Adventssingen<\/p>\n<p>15.12.2012 <strong>men at voice<\/strong> bei der Weihnachtsfeier vom SBN<\/p>\n<p><a href=\"https:\/\/www.musikschule-clauss.de\/?p=268\">08.07.2012 Sommerabendkonzert der Stadtkapelle Metzingen<\/a><\/p>\n<p><a href=\"https:\/\/www.musikschule-clauss.de\/?p=278\">11. + 12.02.2012 Dirigentenworkshop mit Thomas Doss<\/a><\/p>\n<\/li>\n<\/ul>\n<p>19.12.2012 <strong>Unsere Bl\u00e4serklasse<\/strong> an der REA beim Adventssingen<\/p>\n<p>15.12.2012 <strong>men at voice<\/strong> bei der Weihnachtsfeier vom SBN<\/p>\n<p><a href=\"https:\/\/www.musikschule-clauss.de\/?p=268\">08.07.2012 Sommerabendkonzert der Stadtkapelle Metzingen<\/a><\/p>\n<p><a href=\"https:\/\/www.musikschule-clauss.de\/?p=278\">11. + 12.02.2012 Dirigentenworkshop mit Thomas Doss<\/a><\/p>\n<p><img loading=\"lazy\" decoding=\"async\" src=\"https:\/\/www.musikschule-clauss.de\/wp-content\/uploads\/2014\/02\/DSC_0767-Neckartenzlingen-Benefiz-Gerd-Clauss-Young-Generation-Men-At-Voice-01-571x300.jpg\" width=\"571\" height=\"300\" title=\"men at voice und Young Generation unter Ltg. von Gerd Clauss\" alt=\"men at voice und Young Generation unter Ltg. von Gerd Clauss\"> <\/p>\n<h3> men at voice und Young Generation unter Ltg. von Gerd Clauss <\/h3>\n<h3>2011 (bitte anklicken)<\/h3>\n<ul>\n<li>\n<p>05.03.2011 <strong>men at voice und Young Generation<\/strong> bei der Fasnet<\/p>\n<p>07.05.2011 <strong>men at voice und Gospelprojektchor<\/strong> beim Kirchenkonzert<\/p>\n<p>14.05.2011 <strong>Bl\u00e4serklasse der Auwiesenschule<\/strong> auf der Insel Mainau<\/p>\n<p><a href=\"https:\/\/www.musikschule-clauss.de\/?p=270\">25.06.2011 Hochzeit auf Burg Reichenstein am Rhein<\/a><\/p>\n<\/li>\n<\/ul>\n<p>05.03.2011 <strong>men at voice und Young Generation<\/strong> bei der Fasnet<\/p>\n<p>07.05.2011 <strong>men at voice und Gospelprojektchor<\/strong> beim Kirchenkonzert<\/p>\n<p>14.05.2011 <strong>Bl\u00e4serklasse der Auwiesenschule<\/strong> auf der Insel Mainau<\/p>\n<p><a href=\"https:\/\/www.musikschule-clauss.de\/?p=270\">25.06.2011 Hochzeit auf Burg Reichenstein am Rhein<\/a><\/p>\n<p><img loading=\"lazy\" decoding=\"async\" src=\"https:\/\/www.musikschule-clauss.de\/wp-content\/uploads\/2014\/02\/DSC_0787-Neckartenzlingen-Benefiz-Gerd-Clauss-Fl\u00fcgel-01-571x300.jpg\" width=\"571\" height=\"300\" title=\"Gerd Clauss am Fl\u00fcgel beim Benefizkonzert f\u00fcr die Mensa Neckartenzlingen\" alt=\"Gerd Clauss am Fl\u00fcgel beim Benefizkonzert f\u00fcr die Mensa Neckartenzlingen\"> <\/p>\n<h3> Gerd Clauss am Fl\u00fcgel beim Benefizkonzert f\u00fcr die Mensa Neckartenzlingen <\/h3>\n<h3>2010 (bitte anklicken)<\/h3>\n<ul>\n<li>\n<dl>\n<dt>\n<p>05.12.2010 <strong>men at voice und Young Generation<\/strong> beim Adventssingen in Neckartailfingen<\/p>\n<\/dt>\n<dt><\/dt>\n<dt>\n<p>03.10.2010 <strong>Gerd Clauss<\/strong> organisiert das Benefizkonzert zu Gunsten der Mensa Neckartenzlingen<\/p>\n<\/dt>\n<dt><\/dt>\n<dt>\n<p>27.06.2010 <strong>men at voice und Young Generation<\/strong> bei der Serenade der Ev. Kirche Neckartailfingen<\/p>\n<\/dt>\n<dt><\/dt>\n<dt>\n<p>08.05.2010 <strong>men at voice und Young Generation<\/strong> beim Konzert vom SBN<\/p>\n<\/dt>\n<dt><\/dt>\n<dt>\n<p>13.03.2010 Verabschiedung der Erzieherin <strong>Frau Nora Kiesecker<\/strong> im KIGA Finkenweg<\/p>\n<\/dt>\n<dt><\/dt>\n<dt>\n<p>13.02.2010 <strong>men at voice und Young Generation<\/strong> bei der Fasnet 2010<\/p>\n<\/dt>\n<dt><\/dt>\n<dt>\n<p>17.01.2010 <strong>men at voice und Young Generation<\/strong> beim Gottesdienst in der kath. Kirche<\/p>\n<\/dt>\n<\/dl>\n<\/li>\n<\/ul>\n<dl>\n<dt>\n<p>05.12.2010 <strong>men at voice und Young Generation<\/strong> beim Adventssingen in Neckartailfingen<\/p>\n<\/dt>\n<dt><\/dt>\n<dt>\n<p>03.10.2010 <strong>Gerd Clauss<\/strong> organisiert das Benefizkonzert zu Gunsten der Mensa Neckartenzlingen<\/p>\n<\/dt>\n<dt><\/dt>\n<dt>\n<p>27.06.2010 <strong>men at voice und Young Generation<\/strong> bei der Serenade der Ev. Kirche Neckartailfingen<\/p>\n<\/dt>\n<dt><\/dt>\n<dt>\n<p>08.05.2010 <strong>men at voice und Young Generation<\/strong> beim Konzert vom SBN<\/p>\n<\/dt>\n<dt><\/dt>\n<dt>\n<p>13.03.2010 Verabschiedung der Erzieherin <strong>Frau Nora Kiesecker<\/strong> im KIGA Finkenweg<\/p>\n<\/dt>\n<dt><\/dt>\n<dt>\n<p>13.02.2010 <strong>men at voice und Young Generation<\/strong> bei der Fasnet 2010<\/p>\n<\/dt>\n<dt><\/dt>\n<dt>\n<p>17.01.2010 <strong>men at voice und Young Generation<\/strong> beim Gottesdienst in der kath. Kirche<\/p>\n<\/dt>\n<\/dl>\n<p><img loading=\"lazy\" decoding=\"async\" src=\"https:\/\/www.musikschule-clauss.de\/wp-content\/uploads\/2014\/02\/DSC_1300-Neckartenzlingen-Benefiz-Jumping-Girls-Young-Generation-Mary-Jane-J\u00fcrgen-Sturm-Knockin-On-Heavens-Door-01-571x300.jpg\" width=\"571\" height=\"300\" title=\"men at voice und Young Generation gemeinsam mit J\u00fcrgen Sturm\" alt=\"men at voice und Young Generation gemeinsam mit J\u00fcrgen Sturm\"> <\/p>\n<h3> men at voice und Young Generation gemeinsam mit J\u00fcrgen Sturm <\/h3>\n<h3>2009 (bitte anklicken)<\/h3>\n<ul>\n<li>\n<p>12.12.2009 <strong>men at voice und Young Generation<\/strong> bei der Weihnachtsfeier des SBN<\/p>\n<p>06.12.2009 <strong>men at voice und Young Generation<\/strong> beim Adventssingen<\/p>\n<p>16.09.2009 Start der <strong>Bl\u00e4serklasse<\/strong> an der Auwiesenschule<\/p>\n<p><a href=\"https:\/\/www.musikschule-clauss.de\/?p=347\">21.06.2009 <strong>Young Generation<\/strong> bei Euro-Musique 2009 im Europa-Park<\/a><\/p>\n<p>29.05.2009 <strong>men at voice und Young Generation<\/strong>: Welturauff\u00fchrung beim Kinderfest<\/p>\n<p>14.04.2009 Erste CD von <strong>Young Generation<\/strong>: &#8222;We&#8217;re living in Europe&#8220;<\/p>\n<p>21.02.2009 <strong>men at voice un Young Generation<\/strong> bei der Fasnet 2009<\/p>\n<\/li>\n<\/ul>\n<p>12.12.2009 <strong>men at voice und Young Generation<\/strong> bei der Weihnachtsfeier des SBN<\/p>\n<p>06.12.2009 <strong>men at voice und Young Generation<\/strong> beim Adventssingen<\/p>\n<p>16.09.2009 Start der <strong>Bl\u00e4serklasse<\/strong> an der Auwiesenschule<\/p>\n<p><a href=\"https:\/\/www.musikschule-clauss.de\/?p=347\">21.06.2009 <strong>Young Generation<\/strong> bei Euro-Musique 2009 im Europa-Park<\/a><\/p>\n<p>29.05.2009 <strong>men at voice und Young Generation<\/strong>: Welturauff\u00fchrung beim Kinderfest<\/p>\n<p>14.04.2009 Erste CD von <strong>Young Generation<\/strong>: &#8222;We&#8217;re living in Europe&#8220;<\/p>\n<p>21.02.2009 <strong>men at voice un Young Generation<\/strong> bei der Fasnet 2009<\/p>\n<p><img loading=\"lazy\" decoding=\"async\" src=\"https:\/\/www.musikschule-clauss.de\/wp-content\/uploads\/2014\/02\/Men-at-Voice-DSC_5556-1024x680-600x300.jpg\" width=\"600\" height=\"300\" title=\"men at voice in Concert vor laufenden Kameras\" alt=\"men at voice in Concert vor laufenden Kameras\"> <\/p>\n<h3> men at voice in Concert vor laufenden Kameras <\/h3>\n<h3>2008 (bitte anklicken)<\/h3>\n<ul>\n<li>\n<p>19.07.2008 <strong>Gerd Clauss<\/strong> leitet den Schulprojektchor am Gymnasium f\u00fcr Volkhard Stepp<\/p>\n<p>16.-18.07.2008 <strong>Gerd Clauss<\/strong> leitet das Projekt &#8222;Musikanalyse&#8220; am Gymnasium Neckartenzlingen<\/p>\n<p>10.07.2008 Liedertag im <strong>KiGa Finkenweg<\/strong><\/p>\n<p>11.01.2008 Instrumentenvorstellung am Gymnasium Neckartenzlingen<\/p>\n<\/li>\n<\/ul>\n<p>19.07.2008 <strong>Gerd Clauss<\/strong> leitet den Schulprojektchor am Gymnasium f\u00fcr Volkhard Stepp<\/p>\n<p>16.-18.07.2008 <strong>Gerd Clauss<\/strong> leitet das Projekt &#8222;Musikanalyse&#8220; am Gymnasium Neckartenzlingen<\/p>\n<p>10.07.2008 Liedertag im <strong>KiGa Finkenweg<\/strong><\/p>\n<p>11.01.2008 Instrumentenvorstellung am Gymnasium Neckartenzlingen<\/p>\n<p><img loading=\"lazy\" decoding=\"async\" src=\"https:\/\/www.musikschule-clauss.de\/wp-content\/uploads\/2014\/02\/07200071a-1024x278-1200x300.jpg\" width=\"1200\" height=\"300\" title=\"Gospelchor &quot;Spirit of Joy&quot;, unter Ltg von Gerd Clauss, in der Uni T\u00fcbingen\" alt=\"Gospelchor &quot;Spirit of Joy&quot;, unter Ltg von Gerd Clauss, in der Uni T\u00fcbingen\"> <\/p>\n<h3> Gospelchor &#8222;Spirit of Joy&#8220;, unter Ltg von Gerd Clauss, in der Uni T\u00fcbingen <\/h3>\n<h3>2007 und fr\u00fcher (bitte anklicken)<\/h3>\n<ul>\n<li>\n<p>20.07.2007 Infotag zur &#8222;Musikalischen Fr\u00fcherziehung&#8220; im <strong>KiGa Finkenweg<\/strong><\/p>\n<p>21.10.2006 1.Gospelnight mit <strong>Spirit of Joy<\/strong> in der kath. Kirche Neckartenzlingen<\/p>\n<p>2004 Auff\u00fchrung von Ausschnitten mit &#8222;Miss Saigon&#8220; mit den <strong>Lerchen<\/strong><\/p>\n<p>21.06.2004 <strong>Die Lerchen<\/strong> beim Euro-Musique 2004 im Europa-Park<\/p>\n<p>20.07.2003 <strong>Spirit of Joy<\/strong> und Lerchen beim Benefizkonzert mit <strong>Corinna May<\/strong> in T\u00fcbingen<\/p>\n<p>2002 Benefizkonzert mit <strong>Corinna May<\/strong> in Neckartenzlingen<\/p>\n<p>21.06.2002 <strong>Die Lerchen<\/strong> bei Euro-Musique 2002 im Europa-Park<\/p>\n<p>2001 Benefizkonzert mit <strong>Corinna May<\/strong> in Neckartenzlingen<\/p>\n<p>09.12.2001 Urauff\u00fchrung des Kindermusicals &#8222;Max in Rollercity&#8220; in Neckartenzlingen<\/p>\n<p>10.-12.06.2000 Konzertreise des<strong> 1. Orchesters des HSN<\/strong> nach Aachen und Br\u00fcssel (mit Corinna May und Franz Badura)<\/p>\n<\/li>\n<\/ul>\n<p>20.07.2007 Infotag zur &#8222;Musikalischen Fr\u00fcherziehung&#8220; im <strong>KiGa Finkenweg<\/strong><\/p>\n<p>21.10.2006 1.Gospelnight mit <strong>Spirit of Joy<\/strong> in der kath. Kirche Neckartenzlingen<\/p>\n<p>2004 Auff\u00fchrung von Ausschnitten mit &#8222;Miss Saigon&#8220; mit den <strong>Lerchen<\/strong><\/p>\n<p>21.06.2004 <strong>Die Lerchen<\/strong> beim Euro-Musique 2004 im Europa-Park<\/p>\n<p>20.07.2003 <strong>Spirit of Joy<\/strong> und Lerchen beim Benefizkonzert mit <strong>Corinna May<\/strong> in T\u00fcbingen<\/p>\n<p>2002 Benefizkonzert mit <strong>Corinna May<\/strong> in Neckartenzlingen<\/p>\n<p>21.06.2002 <strong>Die Lerchen<\/strong> bei Euro-Musique 2002 im Europa-Park<\/p>\n<p>2001 Benefizkonzert mit <strong>Corinna May<\/strong> in Neckartenzlingen<\/p>\n<p>09.12.2001 Urauff\u00fchrung des Kindermusicals &#8222;Max in Rollercity&#8220; in Neckartenzlingen<\/p>\n<p>10.-12.06.2000 Konzertreise des<strong> 1. Orchesters des HSN<\/strong> nach Aachen und Br\u00fcssel (mit Corinna May und Franz Badura)<\/p>\n<p><img loading=\"lazy\" decoding=\"async\" src=\"https:\/\/www.musikschule-clauss.de\/wp-content\/uploads\/2014\/02\/1048457_376209155834950_1816644779_o-1024x683-600x300.jpg\" width=\"600\" height=\"300\" title=\"Unsere Bl\u00e4serklasse im Europa-Park\" alt=\"Unsere Bl\u00e4serklasse im Europa-Park\"> <\/p>\n<h3> Unsere Bl\u00e4serklasse im Europa-Park <\/h3>\n<p><img loading=\"lazy\" decoding=\"async\" src=\"https:\/\/www.musikschule-clauss.de\/wp-content\/uploads\/2014\/02\/Bild07-591x300.jpg\" width=\"591\" height=\"300\" title=\"Das 1.Orchester des HSN, unter Ltg. von Gerd Clauss, in Br\u00fcssel beim Open Air\" alt=\"Das 1.Orchester des HSN, unter Ltg. von Gerd Clauss, in Br\u00fcssel beim Open Air\"> <\/p>\n<h3> Das 1.Orchester des HSN, unter Ltg. von Gerd Clauss, in Br\u00fcssel beim Open Air <\/h3>\n<p><!--\/themify_builder_static--><\/p>\n","protected":false},"excerpt":{"rendered":"<p>Es gibt sicher gen\u00fcgend Aktivit\u00e4ten, aber die strengen Datenschutzgesetze machen es schwer sch\u00f6ne Bilder zu posten. Deshalb kommen keine kompletten Berichte mit Bilder mehr. Hier findest Du alle m\u00f6glichen musikalischen Aktivit\u00e4ten von Gerd Clauss. Von fetzigen Orgeleins\u00e4tzen, bei Hochzeiten etc., bis hin zu vielf\u00e4ltigen Chor- und Orchesterauftritten und Auftritten als Solist, Chorleiter, Dirigent, K\u00fcnstlerbegleiter oder [&hellip;]<\/p>\n","protected":false},"author":1,"featured_media":0,"parent":0,"menu_order":4,"comment_status":"closed","ping_status":"open","template":"","meta":{"footnotes":""},"class_list":["post-47","page","type-page","status-publish","hentry","has-post-title","has-post-date","has-post-category","has-post-tag","has-post-comment","has-post-author",""],"_links":{"self":[{"href":"https:\/\/www.musikschule-clauss.de\/index.php?rest_route=\/wp\/v2\/pages\/47","targetHints":{"allow":["GET"]}}],"collection":[{"href":"https:\/\/www.musikschule-clauss.de\/index.php?rest_route=\/wp\/v2\/pages"}],"about":[{"href":"https:\/\/www.musikschule-clauss.de\/index.php?rest_route=\/wp\/v2\/types\/page"}],"author":[{"embeddable":true,"href":"https:\/\/www.musikschule-clauss.de\/index.php?rest_route=\/wp\/v2\/users\/1"}],"replies":[{"embeddable":true,"href":"https:\/\/www.musikschule-clauss.de\/index.php?rest_route=%2Fwp%2Fv2%2Fcomments&post=47"}],"version-history":[{"count":90,"href":"https:\/\/www.musikschule-clauss.de\/index.php?rest_route=\/wp\/v2\/pages\/47\/revisions"}],"predecessor-version":[{"id":1394,"href":"https:\/\/www.musikschule-clauss.de\/index.php?rest_route=\/wp\/v2\/pages\/47\/revisions\/1394"}],"wp:attachment":[{"href":"https:\/\/www.musikschule-clauss.de\/index.php?rest_route=%2Fwp%2Fv2%2Fmedia&parent=47"}],"curies":[{"name":"wp","href":"https:\/\/api.w.org\/{rel}","templated":true}]}}